{"id":776,"date":"2023-09-21T16:14:29","date_gmt":"2023-09-21T16:14:29","guid":{"rendered":"https:\/\/redi.jalisco.gob.mx\/blog\/?page_id=776"},"modified":"2024-11-27T17:09:19","modified_gmt":"2024-11-27T17:09:19","slug":"eventosamg","status":"publish","type":"page","link":"https:\/\/redi.jalisco.gob.mx\/blog\/eventosamg\/","title":{"rendered":"Eventos REDI AMG"},"content":{"rendered":"\t\t<div data-elementor-type=\"wp-page\" data-elementor-id=\"776\" class=\"elementor elementor-776\">\n\t\t\t\t\t\t<section class=\"elementor-section elementor-top-section elementor-element elementor-element-4515bbd elementor-section-full_width elementor-section-height-min-height elementor-section-stretched elementor-section-height-default elementor-section-items-middle\" data-id=\"4515bbd\" data-element_type=\"section\" data-settings=\"{&quot;stretch_section&quot;:&quot;section-stretched&quot;,&quot;background_background&quot;:&quot;slideshow&quot;,&quot;background_slideshow_gallery&quot;:[{&quot;id&quot;:891,&quot;url&quot;:&quot;https:\\\/\\\/redi.jalisco.gob.mx\\\/blog\\\/wp-content\\\/uploads\\\/2023\\\/09\\\/bg-home-top.jpg&quot;},{&quot;id&quot;:892,&quot;url&quot;:&quot;https:\\\/\\\/redi.jalisco.gob.mx\\\/blog\\\/wp-content\\\/uploads\\\/2023\\\/09\\\/bg-home-top.png&quot;},{&quot;id&quot;:893,&quot;url&quot;:&quot;https:\\\/\\\/redi.jalisco.gob.mx\\\/blog\\\/wp-content\\\/uploads\\\/2023\\\/09\\\/bg-home-top2.png&quot;}],&quot;background_slideshow_slide_transition&quot;:&quot;slide_left&quot;,&quot;background_slideshow_loop&quot;:&quot;yes&quot;,&quot;background_slideshow_slide_duration&quot;:5000,&quot;background_slideshow_transition_duration&quot;:500}\">\n\t\t\t\t\t\t<div class=\"elementor-container elementor-column-gap-no\">\n\t\t\t\t\t<div class=\"elementor-column elementor-col-100 elementor-top-column elementor-element elementor-element-ebfc8af\" data-id=\"ebfc8af\" data-element_type=\"column\">\n\t\t\t<div class=\"elementor-widget-wrap elementor-element-populated\">\n\t\t\t\t\t\t<div class=\"elementor-element elementor-element-89b78c4 elementor-widget elementor-widget-heading\" data-id=\"89b78c4\" data-element_type=\"widget\" data-widget_type=\"heading.default\">\n\t\t\t\t<div class=\"elementor-widget-container\">\n\t\t\t\t\t<h2 id=\"agenda-de-eventos\" class=\"elementor-heading-title elementor-size-default\">Agenda de <\/br> Eventos<\/h2>\t\t\t\t<\/div>\n\t\t\t\t<\/div>\n\t\t\t\t\t<\/div>\n\t\t<\/div>\n\t\t\t\t\t<\/div>\n\t\t<\/section>\n\t\t\t\t<section class=\"elementor-section elementor-top-section elementor-element elementor-element-886ddee elementor-section-full_width elementor-section-stretched elementor-section-height-default elementor-section-height-default\" data-id=\"886ddee\" data-element_type=\"section\" data-settings=\"{&quot;background_background&quot;:&quot;classic&quot;,&quot;stretch_section&quot;:&quot;section-stretched&quot;}\">\n\t\t\t\t\t\t\t<div class=\"elementor-background-overlay\"><\/div>\n\t\t\t\t\t\t\t<div class=\"elementor-container elementor-column-gap-default\">\n\t\t\t\t\t<div class=\"elementor-column elementor-col-100 elementor-top-column elementor-element elementor-element-c860546\" data-id=\"c860546\" data-element_type=\"column\">\n\t\t\t<div class=\"elementor-widget-wrap elementor-element-populated\">\n\t\t\t\t\t\t<div class=\"elementor-element elementor-element-cf9ad51 elementor-widget elementor-widget-elementskit-heading\" data-id=\"cf9ad51\" data-element_type=\"widget\" data-widget_type=\"elementskit-heading.default\">\n\t\t\t\t<div class=\"elementor-widget-container\">\n\t\t\t\t\t<div class=\"ekit-wid-con\" ><div class=\"ekit-heading elementskit-section-title-wraper text_center   ekit_heading_tablet-   ekit_heading_mobile-\"><h2 id=\"redi-guadalajara\" class=\"ekit-heading--title elementskit-section-title \">REDI <span><span>Guadalajara<\/span><\/span><\/h2><div class=\"ekit_heading_separetor_wraper ekit_heading_elementskit-border-divider\"><div class=\"elementskit-border-divider\"><\/div><\/div><\/div><\/div>\t\t\t\t<\/div>\n\t\t\t\t<\/div>\n\t\t\t\t<section class=\"elementor-section elementor-inner-section elementor-element elementor-element-1fa2311 elementor-section-boxed elementor-section-height-default elementor-section-height-default elementor-invisible\" data-id=\"1fa2311\" data-element_type=\"section\" data-settings=\"{&quot;animation&quot;:&quot;fadeInUp&quot;}\">\n\t\t\t\t\t\t<div class=\"elementor-container elementor-column-gap-default\">\n\t\t\t\t\t<div class=\"elementor-column elementor-col-50 elementor-inner-column elementor-element elementor-element-4ce907d\" data-id=\"4ce907d\" data-element_type=\"column\">\n\t\t\t<div class=\"elementor-widget-wrap\">\n\t\t\t\t\t\t\t<\/div>\n\t\t<\/div>\n\t\t\t\t<div class=\"elementor-column elementor-col-50 elementor-inner-column elementor-element elementor-element-df0d655\" data-id=\"df0d655\" data-element_type=\"column\">\n\t\t\t<div class=\"elementor-widget-wrap\">\n\t\t\t\t\t\t\t<\/div>\n\t\t<\/div>\n\t\t\t\t\t<\/div>\n\t\t<\/section>\n\t\t\t\t<section class=\"elementor-section elementor-inner-section elementor-element elementor-element-dda8ae8 elementor-section-boxed elementor-section-height-default elementor-section-height-default elementor-invisible\" data-id=\"dda8ae8\" data-element_type=\"section\" data-settings=\"{&quot;animation&quot;:&quot;fadeInUp&quot;}\">\n\t\t\t\t\t\t<div class=\"elementor-container elementor-column-gap-default\">\n\t\t\t\t\t<div class=\"elementor-column elementor-col-50 elementor-inner-column elementor-element elementor-element-8b510b7\" data-id=\"8b510b7\" data-element_type=\"column\">\n\t\t\t<div class=\"elementor-widget-wrap elementor-element-populated\">\n\t\t\t\t\t\t<div class=\"elementor-element elementor-element-e305d31 elementor-widget elementor-widget-e_image_hover_effects\" data-id=\"e305d31\" data-element_type=\"widget\" data-widget_type=\"e_image_hover_effects.default\">\n\t\t\t\t<div class=\"elementor-widget-container\">\n\t\t\t\t\t\t\t\t<a href=\"https:\/\/www.eventbrite.com.mx\/e\/makerspace-e-impresion-3d-si-lo-puedes-imaginar-lo-puedes-crear-tickets-1081189509929?aff=ebdsoporgprofile\">\n\t\t\t\t\t<div class=\"eihe-box eihe-fade-in-up eihe_\">\n\t\t\t\t<img fetchpriority=\"high\" decoding=\"async\" width=\"1200\" height=\"600\" src=\"https:\/\/redi.jalisco.gob.mx\/blog\/wp-content\/uploads\/2024\/11\/Guadalajara_27.11_2_TW-1.png\" class=\"attachment-full size-full wp-image-3687\" alt=\"\" srcset=\"https:\/\/redi.jalisco.gob.mx\/blog\/wp-content\/uploads\/2024\/11\/Guadalajara_27.11_2_TW-1.png 1200w, https:\/\/redi.jalisco.gob.mx\/blog\/wp-content\/uploads\/2024\/11\/Guadalajara_27.11_2_TW-1-300x150.png 300w, https:\/\/redi.jalisco.gob.mx\/blog\/wp-content\/uploads\/2024\/11\/Guadalajara_27.11_2_TW-1-1024x512.png 1024w, https:\/\/redi.jalisco.gob.mx\/blog\/wp-content\/uploads\/2024\/11\/Guadalajara_27.11_2_TW-1-768x384.png 768w, https:\/\/redi.jalisco.gob.mx\/blog\/wp-content\/uploads\/2024\/11\/Guadalajara_27.11_2_TW-1-110x55.png 110w, https:\/\/redi.jalisco.gob.mx\/blog\/wp-content\/uploads\/2024\/11\/Guadalajara_27.11_2_TW-1-200x100.png 200w, https:\/\/redi.jalisco.gob.mx\/blog\/wp-content\/uploads\/2024\/11\/Guadalajara_27.11_2_TW-1-380x190.png 380w, https:\/\/redi.jalisco.gob.mx\/blog\/wp-content\/uploads\/2024\/11\/Guadalajara_27.11_2_TW-1-255x128.png 255w, https:\/\/redi.jalisco.gob.mx\/blog\/wp-content\/uploads\/2024\/11\/Guadalajara_27.11_2_TW-1-550x275.png 550w, https:\/\/redi.jalisco.gob.mx\/blog\/wp-content\/uploads\/2024\/11\/Guadalajara_27.11_2_TW-1-800x400.png 800w, https:\/\/redi.jalisco.gob.mx\/blog\/wp-content\/uploads\/2024\/11\/Guadalajara_27.11_2_TW-1-1160x580.png 1160w\" sizes=\"(max-width: 1200px) 100vw, 1200px\" \/>\t\t\t\t<div class=\"eihe-caption\">\n\t\t\t\t\t<div class=\"eihe-title-cover\">\n\t\t\t\t\t\t\t\t\t\t\t\t<h3 id=\"makerspace-e-impresion-3d-si-lo-puedes-imaginar-lo-puedes-crear\" class=\"eihe-title\">MakerSpace e impresi\u00f3n 3D: Si lo puedes imaginar lo puedes crear<\/h3>\n\t\t\t\t\t\t\t\t\t\t\t<\/div>\n\t\t\t\t\t<p>\"\"\"El humano es el \u00fanico ser vivo que presenta quejas sobre todo a su alrededor. A lo largo de la historia, se han logrado grandes avances en tecnolog\u00eda, ciencia, medicina, arte y muchas otras \u00e1reas, pero a\u00fan hay innumerables problemas por resolver y posibilidades por explorar. Cada avance tecnol\u00f3gico o cient\u00edfico puede abrir nuevas puertas y plantear nuevas preguntas, lo que lleva a un ciclo continuo de descubrimiento e innovaci\u00f3n. Por lo tanto, es seguro decir que a\u00fan queda mucho por inventar y crear en el futuro. la pregunta ser\u00eda, \u00bfc\u00f3mo y d\u00f3nde puedo desarrollar una mentalidad creativa? Conecta con los espacios y los pasos que te llevar\u00e1n de una idea a algo tangible: 1. Investigaci\u00f3n sobre el reto que se planea, b\u00fasqueda de posibles soluciones y decisi\u00f3n de cu\u00e1l de ellas es mejor. 2. Uso de herramientas y materiales (a veces, desconocidos). 3. Dise\u00f1o y elaboraci\u00f3n del proyecto o construcci\u00f3n del producto, experiencia digital o servicio con el que se pretende dar respuesta al problema. En resumen, la frase \"\"\"\"\"\"\"\"Si lo puedes imaginar, lo puedes crear\"\"\"\"\"\"\"\" subraya la importancia de la imaginaci\u00f3n, la creatividad y el esfuerzo continuo en el proceso de creaci\u00f3n, desde la concepci\u00f3n de la idea hasta su materializaci\u00f3n en algo tangible. Aqu\u00ed te daremos un set de herramientas que te ayudar\u00e1n en el proceso creativo de imaginar y crear.\n\"\"\"<\/p>\n\t\t\t\t<\/div>\n\t\t\t<\/div>\n\t\t\t\t\t<\/a>\n\t\t\t\t\t\t<\/div>\n\t\t\t\t<\/div>\n\t\t\t\t\t<\/div>\n\t\t<\/div>\n\t\t\t\t<div class=\"elementor-column elementor-col-50 elementor-inner-column elementor-element elementor-element-4fe34c3\" data-id=\"4fe34c3\" data-element_type=\"column\">\n\t\t\t<div class=\"elementor-widget-wrap elementor-element-populated\">\n\t\t\t\t\t\t<div class=\"elementor-element elementor-element-31bcc73 elementor-widget elementor-widget-e_image_hover_effects\" data-id=\"31bcc73\" data-element_type=\"widget\" data-widget_type=\"e_image_hover_effects.default\">\n\t\t\t\t<div class=\"elementor-widget-container\">\n\t\t\t\t\t\t\t\t<a href=\"https:\/\/www.eventbrite.com.mx\/e\/la-biotecnologia-y-su-impacto-en-el-futuro-y-los-negocios-tickets-1082357774239?aff=ebdsoporgprofile\">\n\t\t\t\t\t<div class=\"eihe-box eihe-fade-in-up eihe_\">\n\t\t\t\t<img decoding=\"async\" width=\"1200\" height=\"600\" src=\"https:\/\/redi.jalisco.gob.mx\/blog\/wp-content\/uploads\/2024\/11\/Guadalajara_28.11_TW.png\" class=\"attachment-full size-full wp-image-3704\" alt=\"\" srcset=\"https:\/\/redi.jalisco.gob.mx\/blog\/wp-content\/uploads\/2024\/11\/Guadalajara_28.11_TW.png 1200w, https:\/\/redi.jalisco.gob.mx\/blog\/wp-content\/uploads\/2024\/11\/Guadalajara_28.11_TW-300x150.png 300w, https:\/\/redi.jalisco.gob.mx\/blog\/wp-content\/uploads\/2024\/11\/Guadalajara_28.11_TW-1024x512.png 1024w, https:\/\/redi.jalisco.gob.mx\/blog\/wp-content\/uploads\/2024\/11\/Guadalajara_28.11_TW-768x384.png 768w, https:\/\/redi.jalisco.gob.mx\/blog\/wp-content\/uploads\/2024\/11\/Guadalajara_28.11_TW-110x55.png 110w, https:\/\/redi.jalisco.gob.mx\/blog\/wp-content\/uploads\/2024\/11\/Guadalajara_28.11_TW-200x100.png 200w, https:\/\/redi.jalisco.gob.mx\/blog\/wp-content\/uploads\/2024\/11\/Guadalajara_28.11_TW-380x190.png 380w, https:\/\/redi.jalisco.gob.mx\/blog\/wp-content\/uploads\/2024\/11\/Guadalajara_28.11_TW-255x128.png 255w, https:\/\/redi.jalisco.gob.mx\/blog\/wp-content\/uploads\/2024\/11\/Guadalajara_28.11_TW-550x275.png 550w, https:\/\/redi.jalisco.gob.mx\/blog\/wp-content\/uploads\/2024\/11\/Guadalajara_28.11_TW-800x400.png 800w, https:\/\/redi.jalisco.gob.mx\/blog\/wp-content\/uploads\/2024\/11\/Guadalajara_28.11_TW-1160x580.png 1160w\" sizes=\"(max-width: 1200px) 100vw, 1200px\" \/>\t\t\t\t<div class=\"eihe-caption\">\n\t\t\t\t\t<div class=\"eihe-title-cover\">\n\t\t\t\t\t\t\t\t\t\t\t\t<h3 id=\"la-biotecnologia-y-su-impacto-en-el-futuro-y-los-negocios\" class=\"eihe-title\">La BIotecnolog\u00eda y su Impacto en el Futuro y los Negocios<\/h3>\n\t\t\t\t\t\t\t\t\t\t\t<\/div>\n\t\t\t\t\t<p>\"Objetivo del evento:\nEl panel tiene un enfoque informativo, orientado a destacar la importancia actual y futura de la biotecnolog\u00eda en M\u00e9xico y en el \u00e1mbito empresarial \/ negocios.. Se abordar\u00e1n diferentes \u00e1reas de aplicaci\u00f3n de la biotecnolog\u00eda (industrial, alimenticia, m\u00e9dica, entre otras), resaltando su relevancia para los pr\u00f3ximos tres a\u00f1os, desde la transversalidad empresarial.\nP\u00fablico objetivo:\nPrincipalmente dirigido al p\u00fablico general interesado en conocer m\u00e1s sobre biotecnolog\u00eda. Tambi\u00e9n se espera la participaci\u00f3n de estudiantes, investigadores, emprendedores, y profesionales relacionados con el \u00e1mbito de la biotecnolog\u00eda.\"<\/p>\n\t\t\t\t<\/div>\n\t\t\t<\/div>\n\t\t\t\t\t<\/a>\n\t\t\t\t\t\t<\/div>\n\t\t\t\t<\/div>\n\t\t\t\t\t<\/div>\n\t\t<\/div>\n\t\t\t\t\t<\/div>\n\t\t<\/section>\n\t\t\t\t\t<\/div>\n\t\t<\/div>\n\t\t\t\t\t<\/div>\n\t\t<\/section>\n\t\t\t\t<\/div>\n\t\t","protected":false},"excerpt":{"rendered":"Agenda de Eventos REDI Guadalajara MakerSpace e impresi\u00f3n 3D: Si lo puedes imaginar lo puedes crear &#8220;&#8221;&#8221;El humano&hellip;\n","protected":false},"author":1,"featured_media":0,"parent":0,"menu_order":0,"comment_status":"closed","ping_status":"closed","template":"elementor_header_footer","meta":{"footnotes":""},"class_list":["post-776","page","type-page","status-publish"],"_links":{"self":[{"href":"https:\/\/redi.jalisco.gob.mx\/blog\/wp-json\/wp\/v2\/pages\/776","targetHints":{"allow":["GET"]}}],"collection":[{"href":"https:\/\/redi.jalisco.gob.mx\/blog\/wp-json\/wp\/v2\/pages"}],"about":[{"href":"https:\/\/redi.jalisco.gob.mx\/blog\/wp-json\/wp\/v2\/types\/page"}],"author":[{"embeddable":true,"href":"https:\/\/redi.jalisco.gob.mx\/blog\/wp-json\/wp\/v2\/users\/1"}],"replies":[{"embeddable":true,"href":"https:\/\/redi.jalisco.gob.mx\/blog\/wp-json\/wp\/v2\/comments?post=776"}],"version-history":[{"count":302,"href":"https:\/\/redi.jalisco.gob.mx\/blog\/wp-json\/wp\/v2\/pages\/776\/revisions"}],"predecessor-version":[{"id":3707,"href":"https:\/\/redi.jalisco.gob.mx\/blog\/wp-json\/wp\/v2\/pages\/776\/revisions\/3707"}],"wp:attachment":[{"href":"https:\/\/redi.jalisco.gob.mx\/blog\/wp-json\/wp\/v2\/media?parent=776"}],"curies":[{"name":"wp","href":"https:\/\/api.w.org\/{rel}","templated":true}]}}